{"id":30,"date":"2017-09-21T15:40:53","date_gmt":"2017-09-21T13:40:53","guid":{"rendered":"http:\/\/www.umo.edu.bi\/?page_id=30"},"modified":"2017-11-13T11:39:48","modified_gmt":"2017-11-13T09:39:48","slug":"sage-femme","status":"publish","type":"page","link":"http:\/\/www.umo.edu.bi\/?page_id=30","title":{"rendered":"Sages-femmes"},"content":{"rendered":"<p><b>Historique<\/b><br \/>\nLa fili\u00e8re de Sages-Femmes a ouvert ses portes durant l\u2019ann\u00e9e acad\u00e9mique 2011-2012. Elle a d\u00e9j\u00e0 dipl\u00f4m\u00e9 243 laur\u00e9ats licenci\u00e9s dans ce domaine. Elle compte dipl\u00f4mer 31 laur\u00e9ats pour cette ann\u00e9e acad\u00e9mique 2016-2017. Les premiers bacheliers en Sages-Femmes termineront leurs \u00e9tudes durant l\u2019ann\u00e9e acad\u00e9mique 2016-2017. Ces laur\u00e9ats sont ressortissants du Burundi, du Rwanda et de la R\u00e9publique D\u00e9mocratique du Congo.<\/br><\/p>\n<p><b>Les objectifs de la formation<\/b>:<\/p>\n<ul>\n<li>doter les \u00e9tudiants de l&rsquo;ensemble des comp\u00e9tences requises pour prodiguer les soins, le soutien ainsi que les conseils pertinents aux femmes et \u00e0 leurs familles pendant les diverses phases de la p\u00e9riode p\u00e9rinatale et post natale incluant la grossesse, le travail, l&rsquo;accouchement et les soins au nouveau-n\u00e9 ;<\/li>\n<li>doter les \u00e9tudiants d\u2019un socle de connaissances scientifiques indispensables \u00e0 la ma\u00eetrise des savoirs et des savoir-faires n\u00e9cessaires \u00e0 l\u2019exercice de la profession de sage-femme ; <\/li>\n<li>assurer le d\u00e9veloppement des habilit\u00e9s g\u00e9n\u00e9riques qui permettent \u00e0 l&rsquo;\u00e9tudiant d&rsquo;appliquer ses capacit\u00e9s d&rsquo;analyse, de synth\u00e8se et de discernement \u00e0 l&rsquo;int\u00e9rieur de la pratique sage-femme.<\/li>\n<\/ul>\n","protected":false},"excerpt":{"rendered":"<p>Historique La fili\u00e8re de Sages-Femmes a ouvert ses portes durant l\u2019ann\u00e9e acad\u00e9mique 2011-2012. Elle a d\u00e9j\u00e0 dipl\u00f4m\u00e9 243 laur\u00e9ats licenci\u00e9s dans ce domaine. Elle compte dipl\u00f4mer 31 laur\u00e9ats pour cette ann\u00e9e acad\u00e9mique 2016-2017. Les premiers bacheliers en Sages-Femmes termineront leurs \u00e9tudes durant l\u2019ann\u00e9e acad\u00e9mique 2016-2017. Ces laur\u00e9ats sont ressortissants du Burundi, du Rwanda et de [&hellip;]<\/p>\n","protected":false},"author":5,"featured_media":0,"parent":28,"menu_order":0,"comment_status":"closed","ping_status":"closed","template":"","meta":{"footnotes":""},"class_list":["post-30","page","type-page","status-publish","hentry"],"_links":{"self":[{"href":"http:\/\/www.umo.edu.bi\/index.php?rest_route=\/wp\/v2\/pages\/30","targetHints":{"allow":["GET"]}}],"collection":[{"href":"http:\/\/www.umo.edu.bi\/index.php?rest_route=\/wp\/v2\/pages"}],"about":[{"href":"http:\/\/www.umo.edu.bi\/index.php?rest_route=\/wp\/v2\/types\/page"}],"author":[{"embeddable":true,"href":"http:\/\/www.umo.edu.bi\/index.php?rest_route=\/wp\/v2\/users\/5"}],"replies":[{"embeddable":true,"href":"http:\/\/www.umo.edu.bi\/index.php?rest_route=%2Fwp%2Fv2%2Fcomments&post=30"}],"version-history":[{"count":8,"href":"http:\/\/www.umo.edu.bi\/index.php?rest_route=\/wp\/v2\/pages\/30\/revisions"}],"predecessor-version":[{"id":557,"href":"http:\/\/www.umo.edu.bi\/index.php?rest_route=\/wp\/v2\/pages\/30\/revisions\/557"}],"up":[{"embeddable":true,"href":"http:\/\/www.umo.edu.bi\/index.php?rest_route=\/wp\/v2\/pages\/28"}],"wp:attachment":[{"href":"http:\/\/www.umo.edu.bi\/index.php?rest_route=%2Fwp%2Fv2%2Fmedia&parent=30"}],"curies":[{"name":"wp","href":"https:\/\/api.w.org\/{rel}","templated":true}]}}